{"id":5316,"date":"2025-09-10T13:23:04","date_gmt":"2025-09-10T13:23:04","guid":{"rendered":"https:\/\/simonabertozzi.it\/?page_id=5316"},"modified":"2025-10-06T13:40:13","modified_gmt":"2025-10-06T13:40:13","slug":"biografia","status":"publish","type":"page","link":"https:\/\/www.associazioneculturalenexus.org\/en\/biografia\/","title":{"rendered":"Biografia"},"content":{"rendered":"<p><div class=\"fusion-fullwidth fullwidth-box fusion-builder-row-1 fusion-flex-container has-pattern-background has-mask-background nonhundred-percent-fullwidth non-hundred-percent-height-scrolling fusion-no-small-visibility fusion-no-medium-visibility\" style=\"--awb-border-radius-top-left:0px;--awb-border-radius-top-right:0px;--awb-border-radius-bottom-right:0px;--awb-border-radius-bottom-left:0px;--awb-margin-top:-15px;--awb-flex-wrap:wrap;\" ><div class=\"fusion-builder-row fusion-row fusion-flex-align-items-flex-start fusion-flex-content-wrap\" style=\"max-width:1248px;margin-left: calc(-4% \/ 2 );margin-right: calc(-4% \/ 2 );\"><div class=\"fusion-layout-column fusion_builder_column fusion-builder-column-0 fusion_builder_column_1_1 1_1 fusion-flex-column\" style=\"--awb-bg-size:cover;--awb-width-large:100%;--awb-margin-top-large:20px;--awb-spacing-right-large:1.92%;--awb-margin-bottom-large:20px;--awb-spacing-left-large:1.92%;--awb-width-medium:100%;--awb-order-medium:0;--awb-spacing-right-medium:1.92%;--awb-spacing-left-medium:1.92%;--awb-width-small:100%;--awb-order-small:0;--awb-spacing-right-small:1.92%;--awb-spacing-left-small:1.92%;\"><div class=\"fusion-column-wrapper fusion-column-has-shadow fusion-flex-justify-content-flex-start fusion-content-layout-column\"><div class=\"fusion-image-element \" style=\"--awb-caption-title-font-family:var(--h2_typography-font-family);--awb-caption-title-font-weight:var(--h2_typography-font-weight);--awb-caption-title-font-style:var(--h2_typography-font-style);--awb-caption-title-size:var(--h2_typography-font-size);--awb-caption-title-transform:var(--h2_typography-text-transform);--awb-caption-title-line-height:var(--h2_typography-line-height);--awb-caption-title-letter-spacing:var(--h2_typography-letter-spacing);\"><span class=\" fusion-imageframe imageframe-none imageframe-1 hover-type-none\" style=\"border-radius:20px;\"><img decoding=\"async\" width=\"3188\" height=\"2492\" title=\"Simona Bertozzi &#8211; foto Nexus\" src=\"https:\/\/associazioneculturalenexus.org\/wp-content\/uploads\/2025\/09\/Simona-Bertozzi-foto-Nexus-1.webp\" data-orig-src=\"https:\/\/associazioneculturalenexus.org\/clone\/wp-content\/uploads\/2025\/09\/Simona-Bertozzi-foto-Nexus-1.webp\" alt class=\"lazyload img-responsive wp-image-5671\" srcset=\"data:image\/svg+xml,%3Csvg%20xmlns%3D%27http%3A%2F%2Fwww.w3.org%2F2000%2Fsvg%27%20width%3D%273188%27%20height%3D%272492%27%20viewBox%3D%270%200%203188%202492%27%3E%3Crect%20width%3D%273188%27%20height%3D%272492%27%20fill-opacity%3D%220%22%2F%3E%3C%2Fsvg%3E\" data-srcset=\"https:\/\/associazioneculturalenexus.org\/wp-content\/uploads\/2025\/09\/Simona-Bertozzi-foto-Nexus-1-200x156.webp 200w, https:\/\/associazioneculturalenexus.org\/wp-content\/uploads\/2025\/09\/Simona-Bertozzi-foto-Nexus-1-400x313.webp 400w, https:\/\/associazioneculturalenexus.org\/wp-content\/uploads\/2025\/09\/Simona-Bertozzi-foto-Nexus-1-600x469.webp 600w, https:\/\/associazioneculturalenexus.org\/wp-content\/uploads\/2025\/09\/Simona-Bertozzi-foto-Nexus-1-800x625.webp 800w, https:\/\/associazioneculturalenexus.org\/wp-content\/uploads\/2025\/09\/Simona-Bertozzi-foto-Nexus-1-1200x938.webp 1200w, https:\/\/associazioneculturalenexus.org\/wp-content\/uploads\/2025\/09\/Simona-Bertozzi-foto-Nexus-1.webp 3188w\" data-sizes=\"auto\" data-orig-sizes=\"(max-width: 640px) 100vw, 1200px\" \/><\/span><\/div><\/div><\/div><div class=\"fusion-layout-column fusion_builder_column fusion-builder-column-1 fusion_builder_column_1_6 1_6 fusion-flex-column\" style=\"--awb-bg-size:cover;--awb-width-large:16.666666666667%;--awb-margin-top-large:96px;--awb-spacing-right-large:11.52%;--awb-margin-bottom-large:96px;--awb-spacing-left-large:11.52%;--awb-width-medium:83.333333333333%;--awb-order-medium:0;--awb-spacing-right-medium:2.304%;--awb-spacing-left-medium:2.304%;--awb-width-small:100%;--awb-order-small:0;--awb-spacing-right-small:1.92%;--awb-spacing-left-small:1.92%;\"><div class=\"fusion-column-wrapper fusion-column-has-shadow fusion-flex-justify-content-flex-start fusion-content-layout-column\"><\/div><\/div><div class=\"fusion-layout-column fusion_builder_column fusion-builder-column-2 fusion_builder_column_2_3 2_3 fusion-flex-column\" style=\"--awb-bg-size:cover;--awb-width-large:66.666666666667%;--awb-margin-top-large:96px;--awb-spacing-right-large:2.88%;--awb-margin-bottom-large:96px;--awb-spacing-left-large:2.88%;--awb-width-medium:83.333333333333%;--awb-order-medium:0;--awb-spacing-right-medium:2.304%;--awb-spacing-left-medium:2.304%;--awb-width-small:100%;--awb-order-small:0;--awb-spacing-right-small:1.92%;--awb-spacing-left-small:1.92%;\"><div class=\"fusion-column-wrapper fusion-column-has-shadow fusion-flex-justify-content-flex-start fusion-content-layout-column\"><div class=\"fusion-title title fusion-title-1 fusion-sep-none fusion-title-text fusion-title-size-two\" style=\"--awb-margin-bottom:-15px;--awb-font-size:45px;\"><h2 class=\"fusion-title-heading title-heading-left\" style=\"margin:0;font-size:1em;\"><p><strong>Simona Bertozzi<br \/>\n<\/strong><strong>Choreographer, Dancer, Performer<br \/>\n<\/strong><\/p>\n<p><strong>\u00a0<\/strong><\/p><\/h2><\/div><div class=\"fusion-text fusion-text-1\" style=\"--awb-font-size:15px;\"><p data-start=\"0\" data-end=\"313\">Graduated in DAMS of Bologna, since 2007 she has been pursuing an original path of choreographic research and production, creating works with professional dancers as well as with teenagers, amateurs, asylum seekers, second-generation immigrants, and athletes.<\/p>\n<p data-start=\"315\" data-end=\"688\" data-is-last-node=\"\" data-is-only-node=\"\">In her work, choreography becomes a field of events \u2014 a dynamic system in which the body turns into a driving force for new anatomical punctuations and relational trajectories. Her creations emerge from interactions with other fields of knowledge and physical practices, turning the creative act into an opportunity to embrace multiplicity as a vital form of understanding.<\/p>\n<p><span style=\"font-weight: 400;\">In 2007 she won the choreographic competition <\/span><i><span style=\"font-weight: 400;\">GD\u2019A \u2013 Giovani Danzautori dell\u2019Emilia Romagna<\/span><\/i><span style=\"font-weight: 400;\">.<\/span><\/p>\n<p><span style=\"font-weight: 400;\">\u00a0In 2008 she founded <\/span><b><i>Compagnia Simona Bertozzi | Associazione Culturale Nexus<\/i><\/b><b>.<\/b><b><br \/>\n<\/b><\/p>\n<p><span style=\"font-weight: 400;\">In 2008 she was the Italian choreographer selected\u00a0 <\/span><b>Aerowaves <\/b><span style=\"font-weight: 400;\">Festival at The Place Theatre (London) and, in the same year, with the solo <\/span><b><i>Terrestre<\/i><\/b><b>,<\/b><span style=\"font-weight: 400;\"> she took part in the international project <\/span><b><i>Choreoroam<\/i><\/b><b>, <\/b><span style=\"font-weight: 400;\">supported by British Council\/The Place, Dansateliers\/Rotterdam, and Bassano Opera Festival.<\/span><span style=\"font-weight: 400;\"><br \/>\n<\/span><\/p>\n<p><span style=\"font-weight: 400;\">With the collective <\/span><b><i>Gemelli Kessler<\/i><\/b><span style=\"font-weight: 400;\"> (Simona Bertozzi, Marcello Briguglio, Celeste Taliani), she won <\/span><i><span style=\"font-weight: 400;\">Il <\/span><\/i><b><i>Coreografo Elettronico 2009<\/i><\/b><span style=\"font-weight: 400;\"> as Best Independent Production with the video dance work <\/span><i><span style=\"font-weight: 400;\">Terrestre \u2013 movement in still life<\/span><\/i><span style=\"font-weight: 400;\">.\u00a0<\/span><\/p>\n<p><span style=\"font-weight: 400;\">In 2012, the collective created <\/span><i><span style=\"font-weight: 400;\">I was wondering<\/span><\/i><span style=\"font-weight: 400;\">, a video dance piece made to celebrate the centenary of Michelangelo Antonioni\u2019s birth<\/span><span style=\"font-weight: 400;\">.<\/span><\/p>\n<\/div><\/div><\/div><div class=\"fusion-layout-column fusion_builder_column fusion-builder-column-3 fusion_builder_column_1_1 1_1 fusion-flex-column\" style=\"--awb-bg-size:cover;--awb-width-large:100%;--awb-margin-top-large:0px;--awb-spacing-right-large:1.92%;--awb-margin-bottom-large:20px;--awb-spacing-left-large:1.92%;--awb-width-medium:100%;--awb-order-medium:0;--awb-spacing-right-medium:1.92%;--awb-spacing-left-medium:1.92%;--awb-width-small:100%;--awb-order-small:0;--awb-spacing-right-small:1.92%;--awb-spacing-left-small:1.92%;\" data-scroll-devices=\"small-visibility,medium-visibility,large-visibility\"><div class=\"fusion-column-wrapper fusion-column-has-shadow fusion-flex-justify-content-flex-start fusion-content-layout-column\"><div class=\"fusion-image-element \" style=\"--awb-caption-title-font-family:var(--h2_typography-font-family);--awb-caption-title-font-weight:var(--h2_typography-font-weight);--awb-caption-title-font-style:var(--h2_typography-font-style);--awb-caption-title-size:var(--h2_typography-font-size);--awb-caption-title-transform:var(--h2_typography-text-transform);--awb-caption-title-line-height:var(--h2_typography-line-height);--awb-caption-title-letter-spacing:var(--h2_typography-letter-spacing);\"><span class=\" fusion-imageframe imageframe-none imageframe-2 hover-type-none\" style=\"border-radius:20px;\"><img decoding=\"async\" width=\"2560\" height=\"1702\" title=\"Simona Bertozzi &#8211; contatti 4\" src=\"https:\/\/associazioneculturalenexus.org\/wp-content\/uploads\/2025\/07\/Simona-Bertozzi-contatti-4-scaled.jpg\" data-orig-src=\"https:\/\/associazioneculturalenexus.org\/clone\/wp-content\/uploads\/2025\/07\/Simona-Bertozzi-contatti-4-scaled.jpg\" alt class=\"lazyload img-responsive wp-image-3947\" srcset=\"data:image\/svg+xml,%3Csvg%20xmlns%3D%27http%3A%2F%2Fwww.w3.org%2F2000%2Fsvg%27%20width%3D%272560%27%20height%3D%271702%27%20viewBox%3D%270%200%202560%201702%27%3E%3Crect%20width%3D%272560%27%20height%3D%271702%27%20fill-opacity%3D%220%22%2F%3E%3C%2Fsvg%3E\" data-srcset=\"https:\/\/associazioneculturalenexus.org\/wp-content\/uploads\/2025\/07\/Simona-Bertozzi-contatti-4-200x133.jpg 200w, https:\/\/associazioneculturalenexus.org\/wp-content\/uploads\/2025\/07\/Simona-Bertozzi-contatti-4-400x266.jpg 400w, https:\/\/associazioneculturalenexus.org\/wp-content\/uploads\/2025\/07\/Simona-Bertozzi-contatti-4-600x399.jpg 600w, https:\/\/associazioneculturalenexus.org\/wp-content\/uploads\/2025\/07\/Simona-Bertozzi-contatti-4-800x532.jpg 800w, https:\/\/associazioneculturalenexus.org\/wp-content\/uploads\/2025\/07\/Simona-Bertozzi-contatti-4-1200x798.jpg 1200w, https:\/\/associazioneculturalenexus.org\/wp-content\/uploads\/2025\/07\/Simona-Bertozzi-contatti-4-scaled.jpg 2560w\" data-sizes=\"auto\" data-orig-sizes=\"(max-width: 640px) 100vw, 1200px\" \/><\/span><\/div><\/div><\/div><div class=\"fusion-layout-column fusion_builder_column fusion-builder-column-4 fusion_builder_column_1_6 1_6 fusion-flex-column\" style=\"--awb-bg-size:cover;--awb-width-large:16.666666666667%;--awb-margin-top-large:96px;--awb-spacing-right-large:11.52%;--awb-margin-bottom-large:50px;--awb-spacing-left-large:11.52%;--awb-width-medium:83.333333333333%;--awb-order-medium:0;--awb-spacing-right-medium:2.304%;--awb-spacing-left-medium:2.304%;--awb-width-small:100%;--awb-order-small:0;--awb-spacing-right-small:1.92%;--awb-spacing-left-small:1.92%;\" data-scroll-devices=\"small-visibility,medium-visibility,large-visibility\"><div class=\"fusion-column-wrapper fusion-column-has-shadow fusion-flex-justify-content-flex-start fusion-content-layout-column\"><\/div><\/div><div class=\"fusion-layout-column fusion_builder_column fusion-builder-column-5 fusion_builder_column_2_3 2_3 fusion-flex-column\" style=\"--awb-bg-size:cover;--awb-width-large:66.666666666667%;--awb-margin-top-large:96px;--awb-spacing-right-large:2.88%;--awb-margin-bottom-large:50px;--awb-spacing-left-large:2.88%;--awb-width-medium:83.333333333333%;--awb-order-medium:0;--awb-margin-top-medium:72px;--awb-spacing-right-medium:2.304%;--awb-spacing-left-medium:2.304%;--awb-width-small:100%;--awb-order-small:0;--awb-spacing-right-small:1.92%;--awb-spacing-left-small:1.92%;\" data-scroll-devices=\"small-visibility,medium-visibility,large-visibility\"><div class=\"fusion-column-wrapper fusion-column-has-shadow fusion-flex-justify-content-flex-start fusion-content-layout-column\"><div class=\"fusion-title title fusion-title-2 fusion-sep-none fusion-title-text fusion-title-size-three\" style=\"--awb-font-size:30px;\"><h3 class=\"fusion-title-heading title-heading-left\" style=\"margin:0;font-size:1em;\"><strong>Projects and Collaborations<\/strong><\/h3><\/div><div class=\"fusion-text fusion-text-2 fusion-text-no-margin\" style=\"--awb-font-size:15px;--awb-margin-top:30px;--awb-margin-bottom:20px;\"><p>Over the years, her projects have received significant support and co-productions, including:<\/p>\n<\/div><div class=\"fusion-text fusion-text-3\" style=\"--awb-font-size:15px;\"><ul data-start=\"899\" data-end=\"2536\">\n<li data-start=\"899\" data-end=\"1078\">\n<p data-start=\"901\" data-end=\"1078\"><strong data-start=\"901\" data-end=\"929\">Homo Ludens (2009\u20132012):<\/strong> four choreographed episodes on the ontology of play, with artistic collaborations including musician Egle Sommacal and Collettivo Gemelli Kessler.<\/p>\n<\/li>\n<li data-start=\"1080\" data-end=\"1248\">\n<p data-start=\"1082\" data-end=\"1248\"><strong data-start=\"1082\" data-end=\"1112\">Elogio de La Folia (2013):<\/strong> choreographic work on music by Arcangelo Corelli, co-produced by Ravenna Festival and performed live by the Delfico Ensemble quartet.<\/p>\n<\/li>\n<li data-start=\"1250\" data-end=\"1419\">\n<p data-start=\"1252\" data-end=\"1419\"><strong data-start=\"1252\" data-end=\"1275\">Prometeo (2015\/16):<\/strong> a project structured in six choreographic episodes, some co-produced by Fondazione Nazionale della Danza \/ Aterballetto Centro di Produzione.<\/p>\n<\/li>\n<li data-start=\"1421\" data-end=\"1570\">\n<p data-start=\"1423\" data-end=\"1570\"><strong data-start=\"1423\" data-end=\"1443\">Anatomia (2016):<\/strong> a shared creation with Francesco Giomi, artistic director of Tempo Reale, and Enrico Pitozzi from the University of Bologna.<\/p>\n<\/li>\n<li data-start=\"1572\" data-end=\"1665\">\n<p data-start=\"1574\" data-end=\"1665\"><strong data-start=\"1574\" data-end=\"1599\">Joie de vivre (2018):<\/strong> co-production ERT \u2013 Emilia Romagna Teatro Fondazione and Nexus.<\/p>\n<\/li>\n<li data-start=\"1667\" data-end=\"1768\">\n<p data-start=\"1669\" data-end=\"1768\"><strong data-start=\"1669\" data-end=\"1709\">Ilinx \u2013 Don&#8217;t Stop the Dance (2019):<\/strong> commissioned and supported by the Venice Dance Biennale.<\/p>\n<\/li>\n<li data-start=\"1770\" data-end=\"1897\">\n<p data-start=\"1772\" data-end=\"1897\"><strong data-start=\"1772\" data-end=\"1796\">Tra le linee (2020):<\/strong> show co-produced by Torinodanza, MilanOltre, Nexus, Est Ovest Festival within CORPO LINKS CLUSTER.<\/p>\n<\/li>\n<li data-start=\"1899\" data-end=\"2051\">\n<p data-start=\"1901\" data-end=\"2051\"><strong data-start=\"1901\" data-end=\"1927\">Quel che resta (2021):<\/strong> Nexus production with the support of Centro Nazionale di Produzione della Danza Virgilio Sieni and Fondazione CR Firenze.<\/p>\n<\/li>\n<li data-start=\"2053\" data-end=\"2212\">\n<p data-start=\"2055\" data-end=\"2212\"><strong data-start=\"2055\" data-end=\"2071\">Onde (2023):<\/strong> work dedicated to <em data-start=\"2090\" data-end=\"2101\">The Waves<\/em> by Virginia Woolf, co-produced by Nexus, Festival Danza Estate di Bergamo, and Operaestate Festival Bassano.<\/p>\n<\/li>\n<li data-start=\"2214\" data-end=\"2536\">\n<p data-start=\"2216\" data-end=\"2536\"><strong data-start=\"2216\" data-end=\"2229\">Athletes:<\/strong> project between dance, sport, and vocality involving numerous collaborations and co-productions, including Festival Aperto \/ Fondazione I Teatri \u2013 Reggio Emilia, Dance Gallery \/ Teatro Stabile dell\u2019Umbria, Festival Prospettiva Danza, Istituto Italiano di Cultura di Parigi \/ Rassegna Passions Olympiques.<\/p>\n<\/li>\n<\/ul>\n<p><span style=\"font-weight: 400;\">Over the years, she has developed significant collaborations with artists and scholars, including musicians Francesco Giomi, artistic director of Tempo Reale, Luca Perciballi, and Claudio Pasceri; scholars Enrico Pitozzi and Cristiana Natali, professors at the University of Bologna; and choreographer and dancer Tabea Martin, with whom she co-created <\/span><i><span style=\"font-weight: 400;\">This is my last dance<\/span><\/i><span style=\"font-weight: 400;\">, a work that toured widely across Europe, including the Swiss Dance Days.<\/span><\/p>\n<\/div><\/div><\/div><div class=\"fusion-layout-column fusion_builder_column fusion-builder-column-6 fusion_builder_column_1_6 1_6 fusion-flex-column\" style=\"--awb-bg-size:cover;--awb-width-large:16.666666666667%;--awb-margin-top-large:96px;--awb-spacing-right-large:11.52%;--awb-margin-bottom-large:50px;--awb-spacing-left-large:11.52%;--awb-width-medium:83.333333333333%;--awb-order-medium:0;--awb-spacing-right-medium:2.304%;--awb-spacing-left-medium:2.304%;--awb-width-small:100%;--awb-order-small:0;--awb-spacing-right-small:1.92%;--awb-spacing-left-small:1.92%;\" data-scroll-devices=\"small-visibility,medium-visibility,large-visibility\"><div class=\"fusion-column-wrapper fusion-column-has-shadow fusion-flex-justify-content-flex-start fusion-content-layout-column\"><\/div><\/div><div class=\"fusion-layout-column fusion_builder_column fusion-builder-column-7 fusion_builder_column_1_1 1_1 fusion-flex-column\" style=\"--awb-bg-size:cover;--awb-width-large:100%;--awb-margin-top-large:0px;--awb-spacing-right-large:1.92%;--awb-margin-bottom-large:20px;--awb-spacing-left-large:1.92%;--awb-width-medium:100%;--awb-order-medium:0;--awb-spacing-right-medium:1.92%;--awb-spacing-left-medium:1.92%;--awb-width-small:100%;--awb-order-small:0;--awb-spacing-right-small:1.92%;--awb-spacing-left-small:1.92%;\" data-scroll-devices=\"small-visibility,medium-visibility,large-visibility\"><div class=\"fusion-column-wrapper fusion-column-has-shadow fusion-flex-justify-content-flex-start fusion-content-layout-column\"><div class=\"fusion-image-element \" style=\"--awb-caption-title-font-family:var(--h2_typography-font-family);--awb-caption-title-font-weight:var(--h2_typography-font-weight);--awb-caption-title-font-style:var(--h2_typography-font-style);--awb-caption-title-size:var(--h2_typography-font-size);--awb-caption-title-transform:var(--h2_typography-text-transform);--awb-caption-title-line-height:var(--h2_typography-line-height);--awb-caption-title-letter-spacing:var(--h2_typography-letter-spacing);\"><span class=\" fusion-imageframe imageframe-none imageframe-3 hover-type-none\" style=\"border-radius:20px;\"><img decoding=\"async\" width=\"2560\" height=\"1702\" title=\"Simona Bertozzi &#8211; contatti 3\" src=\"https:\/\/associazioneculturalenexus.org\/wp-content\/uploads\/2025\/07\/Simona-Bertozzi-contatti-3-scaled.jpg\" data-orig-src=\"https:\/\/associazioneculturalenexus.org\/clone\/wp-content\/uploads\/2025\/07\/Simona-Bertozzi-contatti-3-scaled.jpg\" alt class=\"lazyload img-responsive wp-image-3945\" srcset=\"data:image\/svg+xml,%3Csvg%20xmlns%3D%27http%3A%2F%2Fwww.w3.org%2F2000%2Fsvg%27%20width%3D%272560%27%20height%3D%271702%27%20viewBox%3D%270%200%202560%201702%27%3E%3Crect%20width%3D%272560%27%20height%3D%271702%27%20fill-opacity%3D%220%22%2F%3E%3C%2Fsvg%3E\" data-srcset=\"https:\/\/associazioneculturalenexus.org\/wp-content\/uploads\/2025\/07\/Simona-Bertozzi-contatti-3-200x133.jpg 200w, https:\/\/associazioneculturalenexus.org\/wp-content\/uploads\/2025\/07\/Simona-Bertozzi-contatti-3-400x266.jpg 400w, https:\/\/associazioneculturalenexus.org\/wp-content\/uploads\/2025\/07\/Simona-Bertozzi-contatti-3-600x399.jpg 600w, https:\/\/associazioneculturalenexus.org\/wp-content\/uploads\/2025\/07\/Simona-Bertozzi-contatti-3-800x532.jpg 800w, https:\/\/associazioneculturalenexus.org\/wp-content\/uploads\/2025\/07\/Simona-Bertozzi-contatti-3-1200x798.jpg 1200w, https:\/\/associazioneculturalenexus.org\/wp-content\/uploads\/2025\/07\/Simona-Bertozzi-contatti-3-scaled.jpg 2560w\" data-sizes=\"auto\" data-orig-sizes=\"(max-width: 640px) 100vw, 1200px\" \/><\/span><\/div><\/div><\/div><div class=\"fusion-layout-column fusion_builder_column fusion-builder-column-8 fusion_builder_column_1_6 1_6 fusion-flex-column\" style=\"--awb-bg-size:cover;--awb-width-large:16.666666666667%;--awb-margin-top-large:96px;--awb-spacing-right-large:11.52%;--awb-margin-bottom-large:96px;--awb-spacing-left-large:11.52%;--awb-width-medium:83.333333333333%;--awb-order-medium:0;--awb-spacing-right-medium:2.304%;--awb-spacing-left-medium:2.304%;--awb-width-small:100%;--awb-order-small:0;--awb-spacing-right-small:1.92%;--awb-spacing-left-small:1.92%;\"><div class=\"fusion-column-wrapper fusion-column-has-shadow fusion-flex-justify-content-flex-start fusion-content-layout-column\"><\/div><\/div><div class=\"fusion-layout-column fusion_builder_column fusion-builder-column-9 fusion_builder_column_2_3 2_3 fusion-flex-column\" style=\"--awb-bg-size:cover;--awb-width-large:66.666666666667%;--awb-margin-top-large:96px;--awb-spacing-right-large:2.88%;--awb-margin-bottom-large:100px;--awb-spacing-left-large:2.88%;--awb-width-medium:83.333333333333%;--awb-order-medium:0;--awb-margin-top-medium:72px;--awb-spacing-right-medium:2.304%;--awb-spacing-left-medium:2.304%;--awb-width-small:100%;--awb-order-small:0;--awb-spacing-right-small:1.92%;--awb-spacing-left-small:1.92%;\" data-scroll-devices=\"small-visibility,medium-visibility,large-visibility\"><div class=\"fusion-column-wrapper fusion-column-has-shadow fusion-flex-justify-content-flex-start fusion-content-layout-column\"><div class=\"fusion-title title fusion-title-3 fusion-sep-none fusion-title-text fusion-title-size-three\" style=\"--awb-font-size:30px;\"><h3 class=\"fusion-title-heading title-heading-left\" style=\"margin:0;font-size:1em;\"><strong>Touring<\/strong><\/h3><\/div><div class=\"fusion-text fusion-text-4 fusion-text-no-margin\" style=\"--awb-font-size:15px;--awb-margin-top:30px;--awb-margin-bottom:20px;\"><p data-start=\"0\" data-end=\"758\">She has presented her work at numerous festivals and theatres in Italy and abroad, including: Torinodanza, VIE Festival, Romaeuropa (Rome), Biennale Danza (Venice), Mittelfest (Udine), Santarcangelo dei Teatri (Rimini), B-Motion (Operaestate Bassano), Interplay (Turin), Aperto Festival (Reggio Emilia), Teatro Kismet (Bari), Aerowaves (London), The Turning World (London), Dance Week Festival (Zagreb), The Point Theatre (Eastleigh), Dance \u00e0 Lille, Tanec Praha Festival (Prague), Festival de la Cit\u00e9 Lausanne (Switzerland), Correios em Movimento, Dan\u00e7a em Tr\u00e2nsito in Rio de Janeiro, Masdanza, Intradance (Moscow), Edinburgh Festival Fringe, Festival Les Brigittines (Brussels), Festival Indisciplinados (Lima), Festival Trajectoires CCN Nantes, and more.<\/p>\n<p data-start=\"760\" data-end=\"843\" data-is-last-node=\"\" data-is-only-node=\"\">\u2013 From 2018 to 2020, she was an associate choreographer at the MilanOltre Festival.<\/p>\n<\/div><\/div><\/div><div class=\"fusion-layout-column fusion_builder_column fusion-builder-column-10 fusion_builder_column_1_6 1_6 fusion-flex-column\" style=\"--awb-bg-size:cover;--awb-width-large:16.666666666667%;--awb-margin-top-large:96px;--awb-spacing-right-large:11.52%;--awb-margin-bottom-large:96px;--awb-spacing-left-large:11.52%;--awb-width-medium:83.333333333333%;--awb-order-medium:0;--awb-spacing-right-medium:2.304%;--awb-spacing-left-medium:2.304%;--awb-width-small:100%;--awb-order-small:0;--awb-spacing-right-small:1.92%;--awb-spacing-left-small:1.92%;\"><div class=\"fusion-column-wrapper fusion-column-has-shadow fusion-flex-justify-content-flex-start fusion-content-layout-column\"><\/div><\/div><div class=\"fusion-layout-column fusion_builder_column fusion-builder-column-11 fusion_builder_column_1_1 1_1 fusion-flex-column\" style=\"--awb-bg-size:cover;--awb-width-large:100%;--awb-margin-top-large:20px;--awb-spacing-right-large:1.92%;--awb-margin-bottom-large:20px;--awb-spacing-left-large:1.92%;--awb-width-medium:100%;--awb-order-medium:0;--awb-spacing-right-medium:1.92%;--awb-spacing-left-medium:1.92%;--awb-width-small:100%;--awb-order-small:0;--awb-spacing-right-small:1.92%;--awb-spacing-left-small:1.92%;\"><div class=\"fusion-column-wrapper fusion-column-has-shadow fusion-flex-justify-content-flex-start fusion-content-layout-column\"><div class=\"fusion-image-element \" style=\"--awb-caption-title-font-family:var(--h2_typography-font-family);--awb-caption-title-font-weight:var(--h2_typography-font-weight);--awb-caption-title-font-style:var(--h2_typography-font-style);--awb-caption-title-size:var(--h2_typography-font-size);--awb-caption-title-transform:var(--h2_typography-text-transform);--awb-caption-title-line-height:var(--h2_typography-line-height);--awb-caption-title-letter-spacing:var(--h2_typography-letter-spacing);\"><span class=\" fusion-imageframe imageframe-none imageframe-4 hover-type-none\" style=\"border-radius:20px;\"><img decoding=\"async\" width=\"2560\" height=\"1707\" title=\"Simona Bertozzi &#8211; contatti 2\" src=\"https:\/\/associazioneculturalenexus.org\/wp-content\/uploads\/2025\/07\/Simona-Bertozzi-contatti-2-scaled.jpg\" data-orig-src=\"https:\/\/associazioneculturalenexus.org\/clone\/wp-content\/uploads\/2025\/07\/Simona-Bertozzi-contatti-2-scaled.jpg\" alt class=\"lazyload img-responsive wp-image-3943\" srcset=\"data:image\/svg+xml,%3Csvg%20xmlns%3D%27http%3A%2F%2Fwww.w3.org%2F2000%2Fsvg%27%20width%3D%272560%27%20height%3D%271707%27%20viewBox%3D%270%200%202560%201707%27%3E%3Crect%20width%3D%272560%27%20height%3D%271707%27%20fill-opacity%3D%220%22%2F%3E%3C%2Fsvg%3E\" data-srcset=\"https:\/\/associazioneculturalenexus.org\/wp-content\/uploads\/2025\/07\/Simona-Bertozzi-contatti-2-200x133.jpg 200w, https:\/\/associazioneculturalenexus.org\/wp-content\/uploads\/2025\/07\/Simona-Bertozzi-contatti-2-400x267.jpg 400w, https:\/\/associazioneculturalenexus.org\/wp-content\/uploads\/2025\/07\/Simona-Bertozzi-contatti-2-600x400.jpg 600w, https:\/\/associazioneculturalenexus.org\/wp-content\/uploads\/2025\/07\/Simona-Bertozzi-contatti-2-800x533.jpg 800w, https:\/\/associazioneculturalenexus.org\/wp-content\/uploads\/2025\/07\/Simona-Bertozzi-contatti-2-1200x800.jpg 1200w, https:\/\/associazioneculturalenexus.org\/wp-content\/uploads\/2025\/07\/Simona-Bertozzi-contatti-2-scaled.jpg 2560w\" data-sizes=\"auto\" data-orig-sizes=\"(max-width: 640px) 100vw, 1200px\" \/><\/span><\/div><\/div><\/div><div class=\"fusion-layout-column fusion_builder_column fusion-builder-column-12 fusion_builder_column_1_6 1_6 fusion-flex-column\" style=\"--awb-bg-size:cover;--awb-width-large:16.666666666667%;--awb-margin-top-large:96px;--awb-spacing-right-large:11.52%;--awb-margin-bottom-large:96px;--awb-spacing-left-large:11.52%;--awb-width-medium:83.333333333333%;--awb-order-medium:0;--awb-spacing-right-medium:2.304%;--awb-spacing-left-medium:2.304%;--awb-width-small:100%;--awb-order-small:0;--awb-spacing-right-small:1.92%;--awb-spacing-left-small:1.92%;\"><div class=\"fusion-column-wrapper fusion-column-has-shadow fusion-flex-justify-content-flex-start fusion-content-layout-column\"><\/div><\/div><div class=\"fusion-layout-column fusion_builder_column fusion-builder-column-13 fusion_builder_column_2_3 2_3 fusion-flex-column\" style=\"--awb-bg-size:cover;--awb-width-large:66.666666666667%;--awb-margin-top-large:96px;--awb-spacing-right-large:2.88%;--awb-margin-bottom-large:100px;--awb-spacing-left-large:2.88%;--awb-width-medium:83.333333333333%;--awb-order-medium:0;--awb-margin-top-medium:72px;--awb-spacing-right-medium:2.304%;--awb-spacing-left-medium:2.304%;--awb-width-small:100%;--awb-order-small:0;--awb-spacing-right-small:1.92%;--awb-spacing-left-small:1.92%;\" data-scroll-devices=\"small-visibility,medium-visibility,large-visibility\"><div class=\"fusion-column-wrapper fusion-column-has-shadow fusion-flex-justify-content-flex-start fusion-content-layout-column\"><div class=\"fusion-title title fusion-title-4 fusion-sep-none fusion-title-text fusion-title-size-three\" style=\"--awb-font-size:30px;\"><h3 class=\"fusion-title-heading title-heading-left\" style=\"margin:0;font-size:1em;\"><strong>Awards<\/strong><\/h3><\/div><div class=\"fusion-text fusion-text-5\" style=\"--awb-font-size:15px;--awb-margin-top:30px;\"><ul data-start=\"3119\" data-end=\"3958\">\n<li data-start=\"3119\" data-end=\"3208\">\n<p data-start=\"3121\" data-end=\"3208\"><strong data-start=\"3121\" data-end=\"3158\">Masdanza Festival, Audience Award<\/strong> \u2013 International Festival of the Canary Islands.<\/p>\n<\/li>\n<li data-start=\"3210\" data-end=\"3262\">\n<p data-start=\"3212\" data-end=\"3262\"><strong data-start=\"3212\" data-end=\"3259\">Selection for the Edinburgh Fringe Festival<\/strong>.<\/p>\n<\/li>\n<li data-start=\"3264\" data-end=\"3323\">\n<p data-start=\"3266\" data-end=\"3323\"><strong data-start=\"3266\" data-end=\"3289\">MigrArti 2017 Prize<\/strong> \u2013 awarded to her dance project.<\/p>\n<\/li>\n<li data-start=\"3325\" data-end=\"3364\">\n<p data-start=\"3327\" data-end=\"3364\"><strong data-start=\"3327\" data-end=\"3361\">Finalist at the UBU Award 2017<\/strong>.<\/p>\n<\/li>\n<li data-start=\"3366\" data-end=\"3685\">\n<p data-start=\"3368\" data-end=\"3685\"><strong data-start=\"3368\" data-end=\"3400\">Hystrio Corpo a Corpo Award:<\/strong> for an artistic and research path marked by rigor and radicality, naturally inclined to one of the crucial themes for performing arts, namely education and the passing of knowledge, and capable of nourishing and contaminating her creation with wide-ranging disciplines and readings.<\/p>\n<\/li>\n<li data-start=\"3687\" data-end=\"3958\">\n<p data-start=\"3689\" data-end=\"3958\"><strong data-start=\"3689\" data-end=\"3746\">ANCT Award (National Association of Theater Critics):<\/strong> for her artistic path in luminous balance between the search for hidden beauty and ethical posture, visual composition and generation of meaning, care for the human, cognitive strength, and aesthetic splendor.<\/p>\n<\/li>\n<\/ul>\n<\/div><div class=\"fusion-title title fusion-title-5 fusion-sep-none fusion-title-text fusion-title-size-three\" style=\"--awb-margin-top:50px;--awb-font-size:30px;\"><h3 class=\"fusion-title-heading title-heading-left\" style=\"margin:0;font-size:1em;\"><strong>Training<\/strong><\/h3><\/div><div class=\"fusion-text fusion-text-6\" style=\"--awb-font-size:15px;--awb-margin-top:30px;\"><p><span style=\"font-weight: 400;\">From 2004 to 2008 she led training and research workshops in contemporary dance for students of the Department of Music and Performing Arts (DAMS), University of Bologna, in collaboration with Professor Eugenia Casini Ropa, and in 2012 with Professor Elena Cervellati.<\/span><\/p>\n<p><span style=\"font-weight: 400;\">In 2013 she won the call for external teaching positions (floor work technique) within the three-year project on Choreutic Technical-Compositional Disciplines promoted by the <\/span><i><span style=\"font-weight: 400;\">Accademia Nazionale di Danza<\/span><\/i><span style=\"font-weight: 400;\"> in Rome.<\/span><span style=\"font-weight: 400;\"><br \/>\n<\/span><span style=\"font-weight: 400;\">From 2015 to 2017 she was engaged in the design and realization of <\/span><i><span style=\"font-weight: 400;\">VOLCANO \u2013 Choreography and Complexity<\/span><\/i><span style=\"font-weight: 400;\">, a project conceived and directed with Enrico Pitozzi, in collaboration with L\u2019arboreto Teatro Dimora di Mondaino and supported by the AnticorpiXL Network.<\/span><\/p>\n<p><span style=\"font-weight: 400;\">From 2020 to 2022 she conducted intensive workshops for the Luca Ronconi School at <\/span><i><span style=\"font-weight: 400;\">Piccolo Teatro di Milano<\/span><\/i><span style=\"font-weight: 400;\">.<\/span><span style=\"font-weight: 400;\"><br \/>\n<\/span><span style=\"font-weight: 400;\">In 2021 she led a performance-masterclass with second-year students of the Dance Theatre course at <\/span><i><span style=\"font-weight: 400;\">Civica Scuola Paolo Grassi<\/span><\/i><span style=\"font-weight: 400;\"> in Milan.<\/span><\/p>\n<p><span style=\"font-weight: 400;\">In 2025 she is teaching at the <\/span><i><span style=\"font-weight: 400;\">Accademia Nazionale di Danza<\/span><\/i><span style=\"font-weight: 400;\"> with the course: <\/span><i><span style=\"font-weight: 400;\">2nd Three-Year Cycle in Composition<\/span><\/i><span style=\"font-weight: 400;\">.<\/span><\/p>\n<p><span style=\"font-weight: 400;\">Since 2019 she has been carrying out teaching and workshop activities in collaboration with the ALMADANZA center in Bologna.<\/span><\/p>\n<\/div><\/div><\/div><div class=\"fusion-layout-column fusion_builder_column fusion-builder-column-14 fusion_builder_column_1_6 1_6 fusion-flex-column\" style=\"--awb-bg-size:cover;--awb-width-large:16.666666666667%;--awb-margin-top-large:96px;--awb-spacing-right-large:11.52%;--awb-margin-bottom-large:96px;--awb-spacing-left-large:11.52%;--awb-width-medium:83.333333333333%;--awb-order-medium:0;--awb-spacing-right-medium:2.304%;--awb-spacing-left-medium:2.304%;--awb-width-small:100%;--awb-order-small:0;--awb-spacing-right-small:1.92%;--awb-spacing-left-small:1.92%;\"><div class=\"fusion-column-wrapper fusion-column-has-shadow fusion-flex-justify-content-flex-start fusion-content-layout-column\"><\/div><\/div><\/div><\/div><div class=\"fusion-fullwidth fullwidth-box fusion-builder-row-2 fusion-flex-container has-pattern-background has-mask-background nonhundred-percent-fullwidth non-hundred-percent-height-scrolling fusion-no-large-visibility\" style=\"--awb-border-radius-top-left:0px;--awb-border-radius-top-right:0px;--awb-border-radius-bottom-right:0px;--awb-border-radius-bottom-left:0px;--awb-margin-top:-15px;--awb-flex-wrap:wrap;\" ><div class=\"fusion-builder-row fusion-row fusion-flex-align-items-flex-start fusion-flex-content-wrap\" style=\"max-width:1248px;margin-left: calc(-4% \/ 2 );margin-right: calc(-4% \/ 2 );\"><div class=\"fusion-layout-column fusion_builder_column fusion-builder-column-15 fusion_builder_column_1_1 1_1 fusion-flex-column\" style=\"--awb-bg-size:cover;--awb-width-large:100%;--awb-margin-top-large:20px;--awb-spacing-right-large:1.92%;--awb-margin-bottom-large:20px;--awb-spacing-left-large:1.92%;--awb-width-medium:100%;--awb-order-medium:0;--awb-spacing-right-medium:1.92%;--awb-spacing-left-medium:1.92%;--awb-width-small:100%;--awb-order-small:0;--awb-spacing-right-small:1.92%;--awb-spacing-left-small:1.92%;\"><div class=\"fusion-column-wrapper fusion-column-has-shadow fusion-flex-justify-content-flex-start fusion-content-layout-column\"><div class=\"fusion-image-element \" style=\"--awb-caption-title-font-family:var(--h2_typography-font-family);--awb-caption-title-font-weight:var(--h2_typography-font-weight);--awb-caption-title-font-style:var(--h2_typography-font-style);--awb-caption-title-size:var(--h2_typography-font-size);--awb-caption-title-transform:var(--h2_typography-text-transform);--awb-caption-title-line-height:var(--h2_typography-line-height);--awb-caption-title-letter-spacing:var(--h2_typography-letter-spacing);\"><span class=\" fusion-imageframe imageframe-none imageframe-5 hover-type-none\" style=\"border-radius:20px;\"><img decoding=\"async\" width=\"3188\" height=\"2492\" title=\"Simona Bertozzi &#8211; foto Nexus\" src=\"https:\/\/associazioneculturalenexus.org\/wp-content\/uploads\/2025\/09\/Simona-Bertozzi-foto-Nexus-1.webp\" data-orig-src=\"https:\/\/associazioneculturalenexus.org\/clone\/wp-content\/uploads\/2025\/09\/Simona-Bertozzi-foto-Nexus-1.webp\" alt class=\"lazyload img-responsive wp-image-5671\" srcset=\"data:image\/svg+xml,%3Csvg%20xmlns%3D%27http%3A%2F%2Fwww.w3.org%2F2000%2Fsvg%27%20width%3D%273188%27%20height%3D%272492%27%20viewBox%3D%270%200%203188%202492%27%3E%3Crect%20width%3D%273188%27%20height%3D%272492%27%20fill-opacity%3D%220%22%2F%3E%3C%2Fsvg%3E\" data-srcset=\"https:\/\/associazioneculturalenexus.org\/wp-content\/uploads\/2025\/09\/Simona-Bertozzi-foto-Nexus-1-200x156.webp 200w, https:\/\/associazioneculturalenexus.org\/wp-content\/uploads\/2025\/09\/Simona-Bertozzi-foto-Nexus-1-400x313.webp 400w, https:\/\/associazioneculturalenexus.org\/wp-content\/uploads\/2025\/09\/Simona-Bertozzi-foto-Nexus-1-600x469.webp 600w, https:\/\/associazioneculturalenexus.org\/wp-content\/uploads\/2025\/09\/Simona-Bertozzi-foto-Nexus-1-800x625.webp 800w, https:\/\/associazioneculturalenexus.org\/wp-content\/uploads\/2025\/09\/Simona-Bertozzi-foto-Nexus-1-1200x938.webp 1200w, https:\/\/associazioneculturalenexus.org\/wp-content\/uploads\/2025\/09\/Simona-Bertozzi-foto-Nexus-1.webp 3188w\" data-sizes=\"auto\" data-orig-sizes=\"(max-width: 640px) 100vw, 1200px\" \/><\/span><\/div><\/div><\/div><div class=\"fusion-layout-column fusion_builder_column fusion-builder-column-16 fusion_builder_column_2_3 2_3 fusion-flex-column\" style=\"--awb-bg-size:cover;--awb-width-large:66.666666666667%;--awb-margin-top-large:20px;--awb-spacing-right-large:2.88%;--awb-margin-bottom-large:96px;--awb-spacing-left-large:2.88%;--awb-width-medium:83.333333333333%;--awb-order-medium:0;--awb-spacing-right-medium:2.304%;--awb-spacing-left-medium:2.304%;--awb-width-small:100%;--awb-order-small:0;--awb-spacing-right-small:1.92%;--awb-spacing-left-small:1.92%;\" data-scroll-devices=\"small-visibility,medium-visibility,large-visibility\"><div class=\"fusion-column-wrapper fusion-column-has-shadow fusion-flex-justify-content-flex-start fusion-content-layout-column\"><div class=\"fusion-title title fusion-title-6 fusion-sep-none fusion-title-text fusion-title-size-three\" style=\"--awb-font-size:28px;\"><h3 class=\"fusion-title-heading title-heading-left\" style=\"margin:0;font-size:1em;\"><p><strong>Simona Bertozzi<\/strong><br \/>\n<strong>Choreographer, Dancer, Performer<\/strong><\/p><\/h3><\/div><div class=\"fusion-text fusion-text-7\" style=\"--awb-font-size:16px;--awb-margin-top:30px;\"><p><span style=\"font-weight: 400;\">In 2007 she won the choreographic competition <\/span><i><span style=\"font-weight: 400;\">GD\u2019A \u2013 Giovani Danzautori dell\u2019Emilia Romagna<\/span><\/i><span style=\"font-weight: 400;\">.<\/span><\/p>\n<p><span style=\"font-weight: 400;\">In 2008 she founded <\/span><b><i>Compagnia Simona Bertozzi | Associazione Culturale Nexus<\/i><\/b><b>.<\/b><b><br \/>\n<\/b><\/p>\n<p><span style=\"font-weight: 400;\">In 2008 she was the Italian choreographer selected\u00a0 <\/span><b>Aerowaves <\/b><span style=\"font-weight: 400;\">Festival at The Place Theatre (London) and, in the same year, with the solo <\/span><b><i>Terrestre<\/i><\/b><b>,<\/b><span style=\"font-weight: 400;\"> she took part in the international project <\/span><b><i>Choreoroam<\/i><\/b><b>, <\/b><span style=\"font-weight: 400;\">supported by British Council\/The Place, Dansateliers\/Rotterdam, and Bassano Opera Festival.<\/span><span style=\"font-weight: 400;\"><br \/>\n<\/span><\/p>\n<p><span style=\"font-weight: 400;\">With the collective <\/span><b><i>Gemelli Kessler<\/i><\/b><span style=\"font-weight: 400;\"> (Simona Bertozzi, Marcello Briguglio, Celeste Taliani), she won <\/span><i><span style=\"font-weight: 400;\">Il <\/span><\/i><b><i>Coreografo Elettronico 2009<\/i><\/b><span style=\"font-weight: 400;\"> as Best Independent Production with the video dance work <\/span><i><span style=\"font-weight: 400;\">Terrestre \u2013 movement in still life<\/span><\/i><span style=\"font-weight: 400;\">.\u00a0<\/span><\/p>\n<p><span style=\"font-weight: 400;\">In 2012, the collective created <\/span><i><span style=\"font-weight: 400;\">I was wondering<\/span><\/i><span style=\"font-weight: 400;\">, a video dance piece made to celebrate the centenary of Michelangelo Antonioni\u2019s birth<\/span><span style=\"font-weight: 400;\">.<\/span><\/p>\n<\/div><\/div><\/div><div class=\"fusion-layout-column fusion_builder_column fusion-builder-column-17 fusion_builder_column_1_1 1_1 fusion-flex-column\" style=\"--awb-bg-size:cover;--awb-width-large:100%;--awb-margin-top-large:0px;--awb-spacing-right-large:1.92%;--awb-margin-bottom-large:20px;--awb-spacing-left-large:1.92%;--awb-width-medium:100%;--awb-order-medium:0;--awb-spacing-right-medium:1.92%;--awb-spacing-left-medium:1.92%;--awb-width-small:100%;--awb-order-small:0;--awb-spacing-right-small:1.92%;--awb-spacing-left-small:1.92%;\" data-scroll-devices=\"small-visibility,medium-visibility,large-visibility\"><div class=\"fusion-column-wrapper fusion-column-has-shadow fusion-flex-justify-content-flex-start fusion-content-layout-column\"><div class=\"fusion-image-element \" style=\"--awb-aspect-ratio:2 \/ 3;--awb-caption-title-font-family:var(--h2_typography-font-family);--awb-caption-title-font-weight:var(--h2_typography-font-weight);--awb-caption-title-font-style:var(--h2_typography-font-style);--awb-caption-title-size:var(--h2_typography-font-size);--awb-caption-title-transform:var(--h2_typography-text-transform);--awb-caption-title-line-height:var(--h2_typography-line-height);--awb-caption-title-letter-spacing:var(--h2_typography-letter-spacing);\"><span class=\" fusion-imageframe imageframe-none imageframe-6 hover-type-none has-aspect-ratio\" style=\"border-radius:20px;\"><img decoding=\"async\" width=\"2560\" height=\"1702\" title=\"Simona Bertozzi &#8211; contatti 4\" src=\"https:\/\/associazioneculturalenexus.org\/wp-content\/uploads\/2025\/07\/Simona-Bertozzi-contatti-4-scaled.jpg\" data-orig-src=\"https:\/\/associazioneculturalenexus.org\/clone\/wp-content\/uploads\/2025\/07\/Simona-Bertozzi-contatti-4-scaled.jpg\" class=\"lazyload img-responsive wp-image-3947 img-with-aspect-ratio\" data-parent-fit=\"cover\" data-parent-container=\".fusion-image-element\" alt srcset=\"data:image\/svg+xml,%3Csvg%20xmlns%3D%27http%3A%2F%2Fwww.w3.org%2F2000%2Fsvg%27%20width%3D%272560%27%20height%3D%271702%27%20viewBox%3D%270%200%202560%201702%27%3E%3Crect%20width%3D%272560%27%20height%3D%271702%27%20fill-opacity%3D%220%22%2F%3E%3C%2Fsvg%3E\" data-srcset=\"https:\/\/associazioneculturalenexus.org\/wp-content\/uploads\/2025\/07\/Simona-Bertozzi-contatti-4-200x133.jpg 200w, https:\/\/associazioneculturalenexus.org\/wp-content\/uploads\/2025\/07\/Simona-Bertozzi-contatti-4-400x266.jpg 400w, https:\/\/associazioneculturalenexus.org\/wp-content\/uploads\/2025\/07\/Simona-Bertozzi-contatti-4-600x399.jpg 600w, https:\/\/associazioneculturalenexus.org\/wp-content\/uploads\/2025\/07\/Simona-Bertozzi-contatti-4-800x532.jpg 800w, https:\/\/associazioneculturalenexus.org\/wp-content\/uploads\/2025\/07\/Simona-Bertozzi-contatti-4-1200x798.jpg 1200w, https:\/\/associazioneculturalenexus.org\/wp-content\/uploads\/2025\/07\/Simona-Bertozzi-contatti-4-scaled.jpg 2560w\" data-sizes=\"auto\" data-orig-sizes=\"(max-width: 640px) 100vw, 1200px\" \/><\/span><\/div><\/div><\/div><div class=\"fusion-layout-column fusion_builder_column fusion-builder-column-18 fusion_builder_column_2_3 2_3 fusion-flex-column\" style=\"--awb-bg-size:cover;--awb-width-large:66.666666666667%;--awb-margin-top-large:96px;--awb-spacing-right-large:2.88%;--awb-margin-bottom-large:100px;--awb-spacing-left-large:2.88%;--awb-width-medium:83.333333333333%;--awb-order-medium:0;--awb-margin-top-medium:72px;--awb-spacing-right-medium:2.304%;--awb-spacing-left-medium:2.304%;--awb-width-small:100%;--awb-order-small:0;--awb-spacing-right-small:1.92%;--awb-spacing-left-small:1.92%;\" data-scroll-devices=\"small-visibility,medium-visibility,large-visibility\"><div class=\"fusion-column-wrapper fusion-column-has-shadow fusion-flex-justify-content-flex-start fusion-content-layout-column\"><div class=\"fusion-title title fusion-title-7 fusion-sep-none fusion-title-text fusion-title-size-three\" style=\"--awb-margin-bottom:20px;--awb-font-size:24px;\"><h3 class=\"fusion-title-heading title-heading-left\" style=\"margin:0;font-size:1em;\"><strong data-start=\"768\" data-end=\"799\">Projects and Collaborations<\/strong><\/h3><\/div><div class=\"fusion-text fusion-text-8 fusion-text-no-margin\" style=\"--awb-font-size:16px;\"><p data-start=\"768\" data-end=\"897\">Over the years, her projects have received significant support and co-productions, including:<\/p>\n<\/div><div class=\"fusion-text fusion-text-9\" style=\"--awb-font-size:16px;--awb-margin-top:15px;\"><ul data-start=\"899\" data-end=\"2536\">\n<li data-start=\"899\" data-end=\"1078\">\n<p data-start=\"901\" data-end=\"1078\"><strong data-start=\"901\" data-end=\"929\">Homo Ludens (2009\u20132012):<\/strong> four choreographed episodes on the ontology of play, with artistic collaborations including musician Egle Sommacal and Collettivo Gemelli Kessler.<\/p>\n<\/li>\n<li data-start=\"1080\" data-end=\"1248\">\n<p data-start=\"1082\" data-end=\"1248\"><strong data-start=\"1082\" data-end=\"1112\">Elogio de La Folia (2013):<\/strong> choreographic work on music by Arcangelo Corelli, co-produced by Ravenna Festival and performed live by the Delfico Ensemble quartet.<\/p>\n<\/li>\n<li data-start=\"1250\" data-end=\"1419\">\n<p data-start=\"1252\" data-end=\"1419\"><strong data-start=\"1252\" data-end=\"1275\">Prometeo (2015\/16):<\/strong> a project structured in six choreographic episodes, some co-produced by Fondazione Nazionale della Danza \/ Aterballetto Centro di Produzione.<\/p>\n<\/li>\n<li data-start=\"1421\" data-end=\"1570\">\n<p data-start=\"1423\" data-end=\"1570\"><strong data-start=\"1423\" data-end=\"1443\">Anatomia (2016):<\/strong> a shared creation with Francesco Giomi, artistic director of Tempo Reale, and Enrico Pitozzi from the University of Bologna.<\/p>\n<\/li>\n<li data-start=\"1572\" data-end=\"1665\">\n<p data-start=\"1574\" data-end=\"1665\"><strong data-start=\"1574\" data-end=\"1599\">Joie de vivre (2018):<\/strong> co-production ERT \u2013 Emilia Romagna Teatro Fondazione and Nexus.<\/p>\n<\/li>\n<li data-start=\"1667\" data-end=\"1768\">\n<p data-start=\"1669\" data-end=\"1768\"><strong data-start=\"1669\" data-end=\"1709\">Ilinx \u2013 Don&#8217;t Stop the Dance (2019):<\/strong> commissioned and supported by the Venice Dance Biennale.<\/p>\n<\/li>\n<li data-start=\"1770\" data-end=\"1897\">\n<p data-start=\"1772\" data-end=\"1897\"><strong data-start=\"1772\" data-end=\"1796\">Tra le linee (2020):<\/strong> show co-produced by Torinodanza, MilanOltre, Nexus, Est Ovest Festival within CORPO LINKS CLUSTER.<\/p>\n<\/li>\n<li data-start=\"1899\" data-end=\"2051\">\n<p data-start=\"1901\" data-end=\"2051\"><strong data-start=\"1901\" data-end=\"1927\">Quel che resta (2021):<\/strong> Nexus production with the support of Centro Nazionale di Produzione della Danza Virgilio Sieni and Fondazione CR Firenze.<\/p>\n<\/li>\n<li data-start=\"2053\" data-end=\"2212\">\n<p data-start=\"2055\" data-end=\"2212\"><strong data-start=\"2055\" data-end=\"2071\">Onde (2023):<\/strong> work dedicated to <em data-start=\"2090\" data-end=\"2101\">The Waves<\/em> by Virginia Woolf, co-produced by Nexus, Festival Danza Estate di Bergamo, and Operaestate Festival Bassano.<\/p>\n<\/li>\n<li data-start=\"2214\" data-end=\"2536\">\n<p data-start=\"2216\" data-end=\"2536\"><strong data-start=\"2216\" data-end=\"2229\">Athletes:<\/strong> project between dance, sport, and vocality involving numerous collaborations and co-productions, including Festival Aperto \/ Fondazione I Teatri \u2013 Reggio Emilia, Dance Gallery \/ Teatro Stabile dell\u2019Umbria, Festival Prospettiva Danza, Istituto Italiano di Cultura di Parigi \/ Rassegna Passions Olympiques.<\/p>\n<\/li>\n<\/ul>\n<p><span style=\"font-weight: 400;\">Over the years, she has developed significant collaborations with artists and scholars, including musicians Francesco Giomi, artistic director of Tempo Reale, Luca Perciballi, and Claudio Pasceri; scholars Enrico Pitozzi and Cristiana Natali, professors at the University of Bologna; and choreographer and dancer Tabea Martin, with whom she co-created <\/span><i><span style=\"font-weight: 400;\">This is my last dance<\/span><\/i><span style=\"font-weight: 400;\">, a work that toured widely across Europe, including the Swiss Dance Days.<\/span><\/p>\n<\/div><\/div><\/div><div class=\"fusion-layout-column fusion_builder_column fusion-builder-column-19 fusion_builder_column_1_1 1_1 fusion-flex-column\" style=\"--awb-bg-size:cover;--awb-width-large:100%;--awb-margin-top-large:0px;--awb-spacing-right-large:1.92%;--awb-margin-bottom-large:20px;--awb-spacing-left-large:1.92%;--awb-width-medium:100%;--awb-order-medium:0;--awb-spacing-right-medium:1.92%;--awb-spacing-left-medium:1.92%;--awb-width-small:100%;--awb-order-small:0;--awb-spacing-right-small:1.92%;--awb-spacing-left-small:1.92%;\" data-scroll-devices=\"small-visibility,medium-visibility,large-visibility\"><div class=\"fusion-column-wrapper fusion-column-has-shadow fusion-flex-justify-content-flex-start fusion-content-layout-column\"><div class=\"fusion-image-element \" style=\"--awb-aspect-ratio:2 \/ 3;--awb-caption-title-font-family:var(--h2_typography-font-family);--awb-caption-title-font-weight:var(--h2_typography-font-weight);--awb-caption-title-font-style:var(--h2_typography-font-style);--awb-caption-title-size:var(--h2_typography-font-size);--awb-caption-title-transform:var(--h2_typography-text-transform);--awb-caption-title-line-height:var(--h2_typography-line-height);--awb-caption-title-letter-spacing:var(--h2_typography-letter-spacing);\"><span class=\" fusion-imageframe imageframe-none imageframe-7 hover-type-none has-aspect-ratio\" style=\"border-radius:20px;\"><img decoding=\"async\" width=\"2560\" height=\"1702\" title=\"Simona Bertozzi &#8211; contatti 3\" src=\"https:\/\/associazioneculturalenexus.org\/wp-content\/uploads\/2025\/07\/Simona-Bertozzi-contatti-3-scaled.jpg\" data-orig-src=\"https:\/\/associazioneculturalenexus.org\/clone\/wp-content\/uploads\/2025\/07\/Simona-Bertozzi-contatti-3-scaled.jpg\" class=\"lazyload img-responsive wp-image-3945 img-with-aspect-ratio\" data-parent-fit=\"cover\" data-parent-container=\".fusion-image-element\" alt srcset=\"data:image\/svg+xml,%3Csvg%20xmlns%3D%27http%3A%2F%2Fwww.w3.org%2F2000%2Fsvg%27%20width%3D%272560%27%20height%3D%271702%27%20viewBox%3D%270%200%202560%201702%27%3E%3Crect%20width%3D%272560%27%20height%3D%271702%27%20fill-opacity%3D%220%22%2F%3E%3C%2Fsvg%3E\" data-srcset=\"https:\/\/associazioneculturalenexus.org\/wp-content\/uploads\/2025\/07\/Simona-Bertozzi-contatti-3-200x133.jpg 200w, https:\/\/associazioneculturalenexus.org\/wp-content\/uploads\/2025\/07\/Simona-Bertozzi-contatti-3-400x266.jpg 400w, https:\/\/associazioneculturalenexus.org\/wp-content\/uploads\/2025\/07\/Simona-Bertozzi-contatti-3-600x399.jpg 600w, https:\/\/associazioneculturalenexus.org\/wp-content\/uploads\/2025\/07\/Simona-Bertozzi-contatti-3-800x532.jpg 800w, https:\/\/associazioneculturalenexus.org\/wp-content\/uploads\/2025\/07\/Simona-Bertozzi-contatti-3-1200x798.jpg 1200w, https:\/\/associazioneculturalenexus.org\/wp-content\/uploads\/2025\/07\/Simona-Bertozzi-contatti-3-scaled.jpg 2560w\" data-sizes=\"auto\" data-orig-sizes=\"(max-width: 640px) 100vw, 1200px\" \/><\/span><\/div><\/div><\/div><div class=\"fusion-layout-column fusion_builder_column fusion-builder-column-20 fusion_builder_column_2_3 2_3 fusion-flex-column\" style=\"--awb-bg-size:cover;--awb-width-large:66.666666666667%;--awb-margin-top-large:96px;--awb-spacing-right-large:2.88%;--awb-margin-bottom-large:100px;--awb-spacing-left-large:2.88%;--awb-width-medium:83.333333333333%;--awb-order-medium:0;--awb-margin-top-medium:72px;--awb-spacing-right-medium:2.304%;--awb-spacing-left-medium:2.304%;--awb-width-small:100%;--awb-order-small:0;--awb-spacing-right-small:1.92%;--awb-spacing-left-small:1.92%;\" data-scroll-devices=\"small-visibility,medium-visibility,large-visibility\"><div class=\"fusion-column-wrapper fusion-column-has-shadow fusion-flex-justify-content-flex-start fusion-content-layout-column\"><div class=\"fusion-title title fusion-title-8 fusion-sep-none fusion-title-text fusion-title-size-three\" style=\"--awb-margin-bottom:20px;--awb-font-size:24px;\"><h3 class=\"fusion-title-heading title-heading-left\" style=\"margin:0;font-size:1em;\"><strong>Touring<\/strong><\/h3><\/div><div class=\"fusion-text fusion-text-10 fusion-text-no-margin\" style=\"--awb-font-size:16px;\"><p data-start=\"0\" data-end=\"758\">She has presented her work at numerous festivals and theatres in Italy and abroad, including: Torinodanza, VIE Festival, Romaeuropa (Rome), Biennale Danza (Venice), Mittelfest (Udine), Santarcangelo dei Teatri (Rimini), B-Motion (Operaestate Bassano), Interplay (Turin), Aperto Festival (Reggio Emilia), Teatro Kismet (Bari), Aerowaves (London), The Turning World (London), Dance Week Festival (Zagreb), The Point Theatre (Eastleigh), Dance \u00e0 Lille, Tanec Praha Festival (Prague), Festival de la Cit\u00e9 Lausanne (Switzerland), Correios em Movimento, Dan\u00e7a em Tr\u00e2nsito in Rio de Janeiro, Masdanza, Intradance (Moscow), Edinburgh Festival Fringe, Festival Les Brigittines (Brussels), Festival Indisciplinados (Lima), Festival Trajectoires CCN Nantes, and more.<\/p>\n<p data-start=\"760\" data-end=\"843\" data-is-last-node=\"\" data-is-only-node=\"\">From 2018 to 2020, she was an associate choreographer at the MilanOltre Festival.<\/p>\n<\/div><\/div><\/div><div class=\"fusion-layout-column fusion_builder_column fusion-builder-column-21 fusion_builder_column_1_1 1_1 fusion-flex-column\" style=\"--awb-bg-size:cover;--awb-width-large:100%;--awb-margin-top-large:0px;--awb-spacing-right-large:1.92%;--awb-margin-bottom-large:20px;--awb-spacing-left-large:1.92%;--awb-width-medium:100%;--awb-order-medium:0;--awb-spacing-right-medium:1.92%;--awb-spacing-left-medium:1.92%;--awb-width-small:100%;--awb-order-small:0;--awb-spacing-right-small:1.92%;--awb-spacing-left-small:1.92%;\" data-scroll-devices=\"small-visibility,medium-visibility,large-visibility\"><div class=\"fusion-column-wrapper fusion-column-has-shadow fusion-flex-justify-content-flex-start fusion-content-layout-column\"><div class=\"fusion-image-element \" style=\"--awb-aspect-ratio:2 \/ 3;--awb-object-position:37% 57%;--awb-caption-title-font-family:var(--h2_typography-font-family);--awb-caption-title-font-weight:var(--h2_typography-font-weight);--awb-caption-title-font-style:var(--h2_typography-font-style);--awb-caption-title-size:var(--h2_typography-font-size);--awb-caption-title-transform:var(--h2_typography-text-transform);--awb-caption-title-line-height:var(--h2_typography-line-height);--awb-caption-title-letter-spacing:var(--h2_typography-letter-spacing);\"><span class=\" fusion-imageframe imageframe-none imageframe-8 hover-type-none has-aspect-ratio\" style=\"border-radius:20px;\"><img decoding=\"async\" width=\"2560\" height=\"1707\" title=\"Simona Bertozzi &#8211; contatti 2\" src=\"https:\/\/associazioneculturalenexus.org\/wp-content\/uploads\/2025\/07\/Simona-Bertozzi-contatti-2-scaled.jpg\" data-orig-src=\"https:\/\/associazioneculturalenexus.org\/clone\/wp-content\/uploads\/2025\/07\/Simona-Bertozzi-contatti-2-scaled.jpg\" class=\"lazyload img-responsive wp-image-3943 img-with-aspect-ratio\" data-parent-fit=\"cover\" data-parent-container=\".fusion-image-element\" alt srcset=\"data:image\/svg+xml,%3Csvg%20xmlns%3D%27http%3A%2F%2Fwww.w3.org%2F2000%2Fsvg%27%20width%3D%272560%27%20height%3D%271707%27%20viewBox%3D%270%200%202560%201707%27%3E%3Crect%20width%3D%272560%27%20height%3D%271707%27%20fill-opacity%3D%220%22%2F%3E%3C%2Fsvg%3E\" data-srcset=\"https:\/\/associazioneculturalenexus.org\/wp-content\/uploads\/2025\/07\/Simona-Bertozzi-contatti-2-200x133.jpg 200w, https:\/\/associazioneculturalenexus.org\/wp-content\/uploads\/2025\/07\/Simona-Bertozzi-contatti-2-400x267.jpg 400w, https:\/\/associazioneculturalenexus.org\/wp-content\/uploads\/2025\/07\/Simona-Bertozzi-contatti-2-600x400.jpg 600w, https:\/\/associazioneculturalenexus.org\/wp-content\/uploads\/2025\/07\/Simona-Bertozzi-contatti-2-800x533.jpg 800w, https:\/\/associazioneculturalenexus.org\/wp-content\/uploads\/2025\/07\/Simona-Bertozzi-contatti-2-1200x800.jpg 1200w, https:\/\/associazioneculturalenexus.org\/wp-content\/uploads\/2025\/07\/Simona-Bertozzi-contatti-2-scaled.jpg 2560w\" data-sizes=\"auto\" data-orig-sizes=\"(max-width: 640px) 100vw, 1200px\" \/><\/span><\/div><\/div><\/div><div class=\"fusion-layout-column fusion_builder_column fusion-builder-column-22 fusion_builder_column_2_3 2_3 fusion-flex-column\" style=\"--awb-bg-size:cover;--awb-width-large:66.666666666667%;--awb-margin-top-large:96px;--awb-spacing-right-large:2.88%;--awb-margin-bottom-large:100px;--awb-spacing-left-large:2.88%;--awb-width-medium:83.333333333333%;--awb-order-medium:0;--awb-margin-top-medium:72px;--awb-spacing-right-medium:2.304%;--awb-spacing-left-medium:2.304%;--awb-width-small:100%;--awb-order-small:0;--awb-spacing-right-small:1.92%;--awb-spacing-left-small:1.92%;\" data-scroll-devices=\"small-visibility,medium-visibility,large-visibility\"><div class=\"fusion-column-wrapper fusion-column-has-shadow fusion-flex-justify-content-flex-start fusion-content-layout-column\"><div class=\"fusion-title title fusion-title-9 fusion-sep-none fusion-title-text fusion-title-size-three\" style=\"--awb-margin-bottom:20px;--awb-font-size:24px;\"><h3 class=\"fusion-title-heading title-heading-left\" style=\"margin:0;font-size:1em;\"><strong>Awards<\/strong><\/h3><\/div><div class=\"fusion-text fusion-text-11 fusion-text-no-margin\" style=\"--awb-font-size:16px;--awb-margin-top:15px;--awb-margin-bottom:60px;\"><ul>\n<li data-start=\"3119\" data-end=\"3208\">\n<p data-start=\"3121\" data-end=\"3208\"><strong data-start=\"3121\" data-end=\"3158\">Masdanza Festival, Audience Award<\/strong> \u2013 International Festival of the Canary Islands.<\/p>\n<\/li>\n<li data-start=\"3210\" data-end=\"3262\">\n<p data-start=\"3212\" data-end=\"3262\"><strong data-start=\"3212\" data-end=\"3259\">Selection for the Edinburgh Fringe Festival<\/strong>.<\/p>\n<\/li>\n<li data-start=\"3264\" data-end=\"3323\">\n<p data-start=\"3266\" data-end=\"3323\"><strong data-start=\"3266\" data-end=\"3289\">MigrArti 2017 Prize<\/strong> \u2013 awarded to her dance project.<\/p>\n<\/li>\n<li data-start=\"3325\" data-end=\"3364\">\n<p data-start=\"3327\" data-end=\"3364\"><strong data-start=\"3327\" data-end=\"3361\">Finalist at the UBU Award 2017<\/strong>.<\/p>\n<\/li>\n<li data-start=\"3366\" data-end=\"3685\">\n<p data-start=\"3368\" data-end=\"3685\"><strong data-start=\"3368\" data-end=\"3400\">Hystrio Corpo a Corpo Award:<\/strong> for an artistic and research path marked by rigor and radicality, naturally inclined to one of the crucial themes for performing arts, namely education and the passing of knowledge, and capable of nourishing and contaminating her creation with wide-ranging disciplines and readings.<\/p>\n<\/li>\n<li data-start=\"3687\" data-end=\"3958\">\n<p data-start=\"3689\" data-end=\"3958\"><strong data-start=\"3689\" data-end=\"3746\">ANCT Award (National Association of Theater Critics):<\/strong> for her artistic path in luminous balance between the search for hidden beauty and ethical posture, visual composition and generation of meaning, care for the human, cognitive strength, and aesthetic splendor.<\/p>\n<\/li>\n<\/ul>\n<\/div><div class=\"fusion-title title fusion-title-10 fusion-sep-none fusion-title-text fusion-title-size-three\" style=\"--awb-margin-top:60px;--awb-margin-bottom:20px;--awb-font-size:24px;\"><h3 class=\"fusion-title-heading title-heading-left\" style=\"margin:0;font-size:1em;\"><strong>Training<\/strong><\/h3><\/div><div class=\"fusion-text fusion-text-12\" style=\"--awb-font-size:16px;--awb-margin-top:15px;\"><p><span style=\"font-weight: 400;\">From 2004 to 2008 she led training and research workshops in contemporary dance for students of the Department of Music and Performing Arts (DAMS), University of Bologna, in collaboration with Professor Eugenia Casini Ropa, and in 2012 with Professor Elena Cervellati.<\/span><\/p>\n<p><span style=\"font-weight: 400;\">In 2013 she won the call for external teaching positions (floor work technique) within the three-year project on Choreutic Technical-Compositional Disciplines promoted by the <\/span><i><span style=\"font-weight: 400;\">Accademia Nazionale di Danza<\/span><\/i><span style=\"font-weight: 400;\"> in Rome.<\/span><span style=\"font-weight: 400;\"><br \/>\n<\/span><span style=\"font-weight: 400;\">From 2015 to 2017 she was engaged in the design and realization of <\/span><i><span style=\"font-weight: 400;\">VOLCANO \u2013 Choreography and Complexity<\/span><\/i><span style=\"font-weight: 400;\">, a project conceived and directed with Enrico Pitozzi, in collaboration with L\u2019arboreto Teatro Dimora di Mondaino and supported by the AnticorpiXL Network.<\/span><\/p>\n<p><span style=\"font-weight: 400;\">From 2020 to 2022 she conducted intensive workshops for the Luca Ronconi School at <\/span><i><span style=\"font-weight: 400;\">Piccolo Teatro di Milano<\/span><\/i><span style=\"font-weight: 400;\">.<\/span><span style=\"font-weight: 400;\"><br \/>\n<\/span><span style=\"font-weight: 400;\">In 2021 she led a performance-masterclass with second-year students of the Dance Theatre course at <\/span><i><span style=\"font-weight: 400;\">Civica Scuola Paolo Grassi<\/span><\/i><span style=\"font-weight: 400;\"> in Milan.<\/span><\/p>\n<p><span style=\"font-weight: 400;\">In 2025 she is teaching at the <\/span><i><span style=\"font-weight: 400;\">Accademia Nazionale di Danza<\/span><\/i><span style=\"font-weight: 400;\"> with the course: <\/span><i><span style=\"font-weight: 400;\">2nd Three-Year Cycle in Composition<\/span><\/i><span style=\"font-weight: 400;\">.<\/span><\/p>\n<p><span style=\"font-weight: 400;\">Since 2019 she has been carrying out teaching and workshop activities in collaboration with the ALMADANZA center in Bologna.<\/span><\/p>\n<\/div><\/div><\/div><\/div><\/div><\/p>\n","protected":false},"excerpt":{"rendered":"","protected":false},"author":5,"featured_media":0,"parent":0,"menu_order":0,"comment_status":"closed","ping_status":"closed","template":"100-width.php","meta":{"footnotes":""},"class_list":["post-5316","page","type-page","status-publish","hentry"],"_links":{"self":[{"href":"https:\/\/www.associazioneculturalenexus.org\/en\/wp-json\/wp\/v2\/pages\/5316","targetHints":{"allow":["GET"]}}],"collection":[{"href":"https:\/\/www.associazioneculturalenexus.org\/en\/wp-json\/wp\/v2\/pages"}],"about":[{"href":"https:\/\/www.associazioneculturalenexus.org\/en\/wp-json\/wp\/v2\/types\/page"}],"author":[{"embeddable":true,"href":"https:\/\/www.associazioneculturalenexus.org\/en\/wp-json\/wp\/v2\/users\/5"}],"replies":[{"embeddable":true,"href":"https:\/\/www.associazioneculturalenexus.org\/en\/wp-json\/wp\/v2\/comments?post=5316"}],"version-history":[{"count":19,"href":"https:\/\/www.associazioneculturalenexus.org\/en\/wp-json\/wp\/v2\/pages\/5316\/revisions"}],"predecessor-version":[{"id":5719,"href":"https:\/\/www.associazioneculturalenexus.org\/en\/wp-json\/wp\/v2\/pages\/5316\/revisions\/5719"}],"wp:attachment":[{"href":"https:\/\/www.associazioneculturalenexus.org\/en\/wp-json\/wp\/v2\/media?parent=5316"}],"curies":[{"name":"wp","href":"https:\/\/api.w.org\/{rel}","templated":true}]}}